{"id":238,"date":"2022-08-08T11:58:14","date_gmt":"2022-08-08T09:58:14","guid":{"rendered":"https:\/\/www.batir-en-alu.fr\/metiers\/?page_id=238"},"modified":"2025-05-28T14:44:31","modified_gmt":"2025-05-28T12:44:31","slug":"faq","status":"publish","type":"page","link":"https:\/\/www.batir-en-alu.fr\/metiers\/faq\/","title":{"rendered":"FAQ"},"content":{"rendered":"\t\t<div data-elementor-type=\"wp-page\" data-elementor-id=\"238\" class=\"elementor elementor-238\">\n\t\t\t\t\t\t<div class=\"elementor-inner\">\n\t\t\t\t<div class=\"elementor-section-wrap\">\n\t\t\t\t\t\t\t\t\t<section class=\"elementor-section elementor-top-section elementor-element elementor-element-5b65b17 s-white-text elementor-section-boxed elementor-section-height-default elementor-section-height-default\" data-id=\"5b65b17\" data-element_type=\"section\" data-settings=\"{&quot;background_background&quot;:&quot;classic&quot;}\">\n\t\t\t\t\t\t<div class=\"elementor-container elementor-column-gap-default\">\n\t\t\t\t\t\t\t<div class=\"elementor-row\">\n\t\t\t\t\t<div class=\"elementor-column elementor-col-100 elementor-top-column elementor-element elementor-element-a3ee335\" data-id=\"a3ee335\" data-element_type=\"column\">\n\t\t\t<div class=\"elementor-column-wrap elementor-element-populated\">\n\t\t\t\t\t\t\t<div class=\"elementor-widget-wrap\">\n\t\t\t\t\t\t<div class=\"elementor-element elementor-element-a23c9eb elementor-widget elementor-widget-heading\" data-id=\"a23c9eb\" data-element_type=\"widget\" data-widget_type=\"heading.default\">\n\t\t\t\t<div class=\"elementor-widget-container\">\n\t\t\t<h1 class=\"elementor-heading-title elementor-size-default\">FOIRE AUX QUESTIONS<\/h1>\t\t<\/div>\n\t\t\t\t<\/div>\n\t\t\t\t\t\t<\/div>\n\t\t\t\t\t<\/div>\n\t\t<\/div>\n\t\t\t\t\t\t\t\t<\/div>\n\t\t\t\t\t<\/div>\n\t\t<\/section>\n\t\t\t\t<section class=\"elementor-section elementor-top-section elementor-element elementor-element-24c3def s-bg-blue-350px elementor-section-boxed elementor-section-height-default elementor-section-height-default\" data-id=\"24c3def\" data-element_type=\"section\" data-settings=\"{&quot;background_background&quot;:&quot;classic&quot;}\">\n\t\t\t\t\t\t<div class=\"elementor-container elementor-column-gap-default\">\n\t\t\t\t\t\t\t<div class=\"elementor-row\">\n\t\t\t\t\t<div class=\"elementor-column elementor-col-100 elementor-top-column elementor-element elementor-element-d64a167\" data-id=\"d64a167\" data-element_type=\"column\">\n\t\t\t<div class=\"elementor-column-wrap elementor-element-populated\">\n\t\t\t\t\t\t\t<div class=\"elementor-widget-wrap\">\n\t\t\t\t\t\t<div class=\"elementor-element elementor-element-3070412 elementor-widget elementor-widget-shortcode\" data-id=\"3070412\" data-element_type=\"widget\" data-widget_type=\"shortcode.default\">\n\t\t\t\t<div class=\"elementor-widget-container\">\n\t\t\t\t\t<div class=\"elementor-shortcode\">\r\n<div class=\"faq\">\r\n\r\n\t\r\n\t\t<div class=\"faq__thematique\">\r\n\r\n\t\t\t<div class=\"faq__thematique__title\">\r\n\t\t\t\t<h2 class=\"title-underline\">FONCTIONNEMENT DE LA PLATEFORME D\u00c9POSE OFFRES\/DEMANDES D\u2019EMPLOI<\/h2>\r\n\t\t\t<\/div>\r\n\r\n\t\t\t\t\t\t\t<ul class=\"list-boxes accordions toggleAccordion\">\r\n\t\t\t\t\t\t\t\t\t\t\t<li id=\"combien-de-temps-ma-candidature-mon-offre-demploi-reste-elle-en-ligne\">\r\n\t\t\t\t\t\t\t<div>\r\n\t\t\t\t\t\t\t\t<a href=\"https:\/\/www.batir-en-alu.fr\/metiers\/question\/combien-de-temps-ma-candidature-mon-offre-demploi-reste-elle-en-ligne\/\">Combien de temps ma candidature\/mon offre d\u2019emploi reste-t-elle en ligne ?<\/a>\r\n\t\t\t\t\t\t\t<\/div>\r\n\t\t\t\t\t\t\t<div>\r\n\t\t\t\t\t\t\t\t\n<p>Nous avons mis en place une suppression automatique de vos candidatures et de vos offres d\u2019emploi \u00e0 1 an \u00e0 la date anniversaire apr\u00e8s leur mise en ligne. Vous pouvez consulter nos mentions l\u00e9gales.\u00a0<\/p>\n\t\r\n\t\t\t\t\t\t\t<\/div>\r\n\t\t\t\t\t\t<\/li>\r\n\t\t\t\t\t\t\t\t\t\t\t<li id=\"comment-puis-je-supprimer-ma-candidature\">\r\n\t\t\t\t\t\t\t<div>\r\n\t\t\t\t\t\t\t\t<a href=\"https:\/\/www.batir-en-alu.fr\/metiers\/question\/comment-puis-je-supprimer-ma-candidature\/\">Comment puis-je supprimer ma candidature ?<\/a>\r\n\t\t\t\t\t\t\t<\/div>\r\n\t\t\t\t\t\t\t<div>\r\n\t\t\t\t\t\t\t\t\n<p>Il suffit d\u2019envoyer un e-mail \u00e0 <a href=\"mailto:bonjour@snfa.fr\" target=\"_blank\" rel=\"noreferrer noopener\"><mark style=\"background-color:rgba(0, 0, 0, 0)\" class=\"has-inline-color has-vivid-cyan-blue-color\">bonjour@snfa.fr<\/mark>,<\/a> en pr\u00e9cisant que vous souhaitez supprimer votre candidature sans oublier d&#8217;indiquer vos nom et pr\u00e9nom pour que nous puissions facilement vous retrouver et proc\u00e9der \u00e0 sa suppression. Vous pouvez consulter nos mentions l\u00e9gales.\u00a0<\/p>\n\t\r\n\t\t\t\t\t\t\t<\/div>\r\n\t\t\t\t\t\t<\/li>\r\n\t\t\t\t\t\t\t\t\t\t\t<li id=\"comment-puis-je-supprimer-mon-offre-demploi\">\r\n\t\t\t\t\t\t\t<div>\r\n\t\t\t\t\t\t\t\t<a href=\"https:\/\/www.batir-en-alu.fr\/metiers\/question\/comment-puis-je-supprimer-mon-offre-demploi\/\">Comment puis-je supprimer mon offre d\u2019emploi ?<\/a>\r\n\t\t\t\t\t\t\t<\/div>\r\n\t\t\t\t\t\t\t<div>\r\n\t\t\t\t\t\t\t\t\n<p>Si vous \u00eates adh\u00e9rent du SNFA, vous pouvez la supprimer directement de votre espace adh\u00e9rent. Pour les entreprises non-adh\u00e9rentes au SNFA, il vous suffit d\u2019envoyer un e-mail \u00e0 <mark style=\"background-color:rgba(0, 0, 0, 0)\" class=\"has-inline-color has-vivid-cyan-blue-color\"><a href=\"mailto:bonjour@snfa.fr\">bonjour@snfa.fr<\/a><\/mark> en pr\u00e9cisant que vous souhaitez supprimer votre offre d\u2019emploi sans oublier d&#8217;indiquer le nom de votre entreprise et le poste concern\u00e9 pour que nous puissions facilement retrouver votre annonce et proc\u00e9der \u00e0 sa suppression.<\/p>\n\t\r\n\t\t\t\t\t\t\t<\/div>\r\n\t\t\t\t\t\t<\/li>\r\n\t\t\t\t\t\t\t\t\t<\/ul>\r\n\t\t\t\r\n\t\t<\/div>\r\n\r\n\t\t\r\n\t\t<div class=\"faq__thematique\">\r\n\r\n\t\t\t<div class=\"faq__thematique__title\">\r\n\t\t\t\t<h2 class=\"title-underline\">LES CONTRATS DE TRAVAIL<\/h2>\r\n\t\t\t<\/div>\r\n\r\n\t\t\t\t\t\t\t<ul class=\"list-boxes accordions toggleAccordion\">\r\n\t\t\t\t\t\t\t\t\t\t\t<li id=\"quest-ce-quun-cdi\">\r\n\t\t\t\t\t\t\t<div>\r\n\t\t\t\t\t\t\t\t<a href=\"https:\/\/www.batir-en-alu.fr\/metiers\/question\/quest-ce-quun-cdi\/\">Qu\u2019est-ce qu\u2019un CDI ?<\/a>\r\n\t\t\t\t\t\t\t<\/div>\r\n\t\t\t\t\t\t\t<div>\r\n\t\t\t\t\t\t\t\t\n<p>Le contrat de travail \u00e0 dur\u00e9e ind\u00e9termin\u00e9e (CDI) est un contrat sans limitation de dur\u00e9e, conclu \u00e0 temps plein ou \u00e0 temps partiel, entre un employeur et un salari\u00e9. <a href=\"https:\/\/www.service-public.fr\/particuliers\/vosdroits\/F1906#:~:text=Ce%20sont%20les%20dispositions%20pr%C3%A9vues,un%20employeur%20et%20un%20salari%C3%A9.\" target=\"_blank\" rel=\"noreferrer noopener\"><mark style=\"background-color:rgba(0, 0, 0, 0)\" class=\"has-inline-color has-vivid-cyan-blue-color\">En savoir plus<\/mark><\/a>\u00a0<\/p>\n\t\r\n\t\t\t\t\t\t\t<\/div>\r\n\t\t\t\t\t\t<\/li>\r\n\t\t\t\t\t\t\t\t\t\t\t<li id=\"quest-ce-quun-cdd\">\r\n\t\t\t\t\t\t\t<div>\r\n\t\t\t\t\t\t\t\t<a href=\"https:\/\/www.batir-en-alu.fr\/metiers\/question\/quest-ce-quun-cdd\/\">Qu\u2019est-ce qu\u2019un CDD?<\/a>\r\n\t\t\t\t\t\t\t<\/div>\r\n\t\t\t\t\t\t\t<div>\r\n\t\t\t\t\t\t\t\t\n<p>Le contrat de travail \u00e0 dur\u00e9e d\u00e9termin\u00e9e (CDD) doit \u00eatre \u00e9tabli par \u00e9crit et comporter un certain nombre de mentions obligatoires. Il doit \u00eatre transmis au salari\u00e9 dans les 2 jours qui suivent son embauche.<mark style=\"background-color:rgba(0, 0, 0, 0);color:#5f6163\" class=\"has-inline-color\"> <\/mark><mark style=\"background-color:rgba(0, 0, 0, 0)\" class=\"has-inline-color has-vivid-cyan-blue-color\"><a href=\"https:\/\/www.service-public.fr\/particuliers\/vosdroits\/F36\" target=\"_blank\" rel=\"noreferrer noopener\">En savoir plus<\/a>&nbsp;<\/mark><\/p>\n\t\r\n\t\t\t\t\t\t\t<\/div>\r\n\t\t\t\t\t\t<\/li>\r\n\t\t\t\t\t\t\t\t\t\t\t<li id=\"quest-ce-quune-alternance\">\r\n\t\t\t\t\t\t\t<div>\r\n\t\t\t\t\t\t\t\t<a href=\"https:\/\/www.batir-en-alu.fr\/metiers\/question\/quest-ce-quune-alternance\/\">Qu\u2019est-ce qu\u2019une alternance ?<\/a>\r\n\t\t\t\t\t\t\t<\/div>\r\n\t\t\t\t\t\t\t<div>\r\n\t\t\t\t\t\t\t\t\n<p>L\u2019alternance comprend deux types de contrats : le contrat d\u2019apprentissage et le contrat de professionnalisation qui r\u00e9pondent tous deux au m\u00eame objectif de mont\u00e9e en comp\u00e9tence du salari\u00e9 en combinant travail en entreprise et formation th\u00e9orique. <a href=\"https:\/\/www.alternance.emploi.gouv.fr\/decouvrir-lalternance\" target=\"_blank\" rel=\"noreferrer noopener\"><mark style=\"background-color:rgba(0, 0, 0, 0)\" class=\"has-inline-color has-vivid-cyan-blue-color\">Acc\u00e9dez au portail de l\u2019alternance<\/mark><\/a><\/p>\n\t\r\n\t\t\t\t\t\t\t<\/div>\r\n\t\t\t\t\t\t<\/li>\r\n\t\t\t\t\t\t\t\t\t<\/ul>\r\n\t\t\t\r\n\t\t<\/div>\r\n\r\n\t\t\r\n<\/div>\r\n<\/div>\n\t\t\t\t<\/div>\n\t\t\t\t<\/div>\n\t\t\t\t\t\t<\/div>\n\t\t\t\t\t<\/div>\n\t\t<\/div>\n\t\t\t\t\t\t\t\t<\/div>\n\t\t\t\t\t<\/div>\n\t\t<\/section>\n\t\t\t\t<section class=\"elementor-section elementor-top-section elementor-element elementor-element-5984d40 elementor-section-boxed elementor-section-height-default elementor-section-height-default\" data-id=\"5984d40\" data-element_type=\"section\">\n\t\t\t\t\t\t<div class=\"elementor-container elementor-column-gap-default\">\n\t\t\t\t\t\t\t<div class=\"elementor-row\">\n\t\t\t\t\t<div class=\"elementor-column elementor-col-100 elementor-top-column elementor-element elementor-element-15fc5fc\" data-id=\"15fc5fc\" data-element_type=\"column\">\n\t\t\t<div class=\"elementor-column-wrap elementor-element-populated\">\n\t\t\t\t\t\t\t<div class=\"elementor-widget-wrap\">\n\t\t\t\t\t\t<div class=\"elementor-element elementor-element-b92317e elementor-align-center w-btn-orange-big-arrow elementor-widget elementor-widget-button\" data-id=\"b92317e\" data-element_type=\"widget\" data-widget_type=\"button.default\">\n\t\t\t\t<div class=\"elementor-widget-container\">\n\t\t\t\t\t<div class=\"elementor-button-wrapper\">\n\t\t\t<a href=\"https:\/\/www.batir-en-alu.fr\/metiers\/contact\/\" class=\"elementor-button-link elementor-button elementor-size-sm\" role=\"button\">\n\t\t\t\t\t\t<span class=\"elementor-button-content-wrapper\">\n\t\t\t\t\t\t<span class=\"elementor-button-text\">VOUS N\u2019AVEZ PAS TROUV\u00c9 LA R\u00c9PONSE \u00c0 VOTRE QUESTION ? CONTACTEZ-NOUS<\/span>\n\t\t<\/span>\n\t\t\t\t\t<\/a>\n\t\t<\/div>\n\t\t\t\t<\/div>\n\t\t\t\t<\/div>\n\t\t\t\t\t\t<\/div>\n\t\t\t\t\t<\/div>\n\t\t<\/div>\n\t\t\t\t\t\t\t\t<\/div>\n\t\t\t\t\t<\/div>\n\t\t<\/section>\n\t\t\t\t\t\t\t\t\t<\/div>\n\t\t\t<\/div>\n\t\t\t\t\t<\/div>\n\t\t","protected":false},"excerpt":{"rendered":"<p>FOIRE AUX QUESTIONS VOUS N\u2019AVEZ PAS TROUV\u00c9 LA R\u00c9PONSE \u00c0 VOTRE QUESTION ? CONTACTEZ-NOUS<\/p>\n","protected":false},"author":1,"featured_media":0,"parent":0,"menu_order":0,"comment_status":"closed","ping_status":"closed","template":"","meta":{"_acf_changed":false,"footnotes":""},"categorie_metier":[],"class_list":["post-238","page","type-page","status-publish","hentry"],"acf":[],"_links":{"self":[{"href":"https:\/\/www.batir-en-alu.fr\/metiers\/wp-json\/wp\/v2\/pages\/238","targetHints":{"allow":["GET"]}}],"collection":[{"href":"https:\/\/www.batir-en-alu.fr\/metiers\/wp-json\/wp\/v2\/pages"}],"about":[{"href":"https:\/\/www.batir-en-alu.fr\/metiers\/wp-json\/wp\/v2\/types\/page"}],"author":[{"embeddable":true,"href":"https:\/\/www.batir-en-alu.fr\/metiers\/wp-json\/wp\/v2\/users\/1"}],"replies":[{"embeddable":true,"href":"https:\/\/www.batir-en-alu.fr\/metiers\/wp-json\/wp\/v2\/comments?post=238"}],"version-history":[{"count":4,"href":"https:\/\/www.batir-en-alu.fr\/metiers\/wp-json\/wp\/v2\/pages\/238\/revisions"}],"predecessor-version":[{"id":3233,"href":"https:\/\/www.batir-en-alu.fr\/metiers\/wp-json\/wp\/v2\/pages\/238\/revisions\/3233"}],"wp:attachment":[{"href":"https:\/\/www.batir-en-alu.fr\/metiers\/wp-json\/wp\/v2\/media?parent=238"}],"wp:term":[{"taxonomy":"categorie_metier","embeddable":true,"href":"https:\/\/www.batir-en-alu.fr\/metiers\/wp-json\/wp\/v2\/categorie_metier?post=238"}],"curies":[{"name":"wp","href":"https:\/\/api.w.org\/{rel}","templated":true}]}}